{"id":53,"date":"2017-06-12T03:57:07","date_gmt":"2017-06-12T03:57:07","guid":{"rendered":"http:\/\/demo2.steelthemes.com\/gardenhub\/?page_id=53"},"modified":"2025-11-12T21:12:45","modified_gmt":"2025-11-12T20:12:45","slug":"home-page-1","status":"publish","type":"page","link":"https:\/\/www.scheiderwald.de\/","title":{"rendered":"Startseite"},"content":{"rendered":"<div class=\"wpb-content-wrapper\"><p>[vc_row full_width=\u201cstretch_row_content_no_spaces\u201c][vc_column][rev_slider_vc alias=\u201cslider_1\u2033][\/vc_column][\/vc_row][vc_row css=\u201c.vc_custom_1495533014348{padding-top: 65px !important;padding-bottom: 25px !important;}\u201c][vc_column]<div class=\"fh-section-title clearfix  text-center style-1 version-dark has-icon\"><div class=\"container\"><h2>Willkommen bei <span class=\"main-color\">Forstbetrieb Quast<\/span><\/h2><span class=\"fh-icon\"><i class=\"flaticon-nature-3\"><\/i><\/span><\/div><\/div>[vc_column_text css=\u201c.vc_custom_1609267131546{padding-top: 25px !important;padding-bottom: 45px !important;}\u201c]<\/p>\n<div><\/div>\n<div style=\"width: 75%; margin: 0 auto; font-size: 18px; color: #9e9e9e; font-weight: 300; text-align: center;\">Genie\u00dfen Sie die tolle Atmosph\u00e4re beim Weihnachtsbaumkauf im Scheiderwald. Wir bieten neben einer gro\u00dfen Auswahl an zertifizierten Bio-Weihnachtsb\u00e4umen auch weitere Highlights wie einen kleinen Streichelzoo f\u00fcr die Kinder und ein gem\u00fctliches Zusammensitzen bei Speis und Trank.<\/div>\n<p>[\/vc_column_text][\/vc_column][\/vc_row][vc_row css=\u201c.vc_custom_1495534755975{padding-top: 70px !important;padding-bottom: 70px !important;background-color: #fafafa !important;}\u201c][vc_column][vc_row_inner css=\u201c.vc_custom_1496049149516{padding-bottom: 20px !important;}\u201c][vc_column_inner width=\u201c1\/3\u2033]<div class=\"fh-icon-box clearfix  style-1\"><h4><a href=\"#\" title=\"\" target=\"_blank\">\u00d6ffnungszeiten w\u00e4hrend der Adventszeit<\/a><\/h4><a class=\"fh-icon\"><i class=\"fa fa-shield\"><\/i><\/a><div class=\"desc\"><p data-start=\"188\" data-end=\"254\">Unser erster \u00d6ffnungstag ist <strong data-start=\"217\" data-end=\"251\">Sonntag, der 30. November 2025<\/strong>.<\/p>\n<p data-start=\"256\" data-end=\"656\">An allen darauffolgenden <strong data-start=\"281\" data-end=\"303\">Adventswochenenden<\/strong> begr\u00fc\u00dfen wir Sie <strong data-start=\"321\" data-end=\"370\">samstags und sonntags von 10:00 bis 17:00 Uhr<\/strong> herzlich an unserer ge\u00f6ffneten H\u00fctte. Auch in diesem Jahr erwarten Sie wieder <strong data-start=\"438\" data-end=\"488\">leckere warme und kalte Speisen sowie Getr\u00e4nke<\/strong>.<\/p>\n<p data-start=\"256\" data-end=\"656\">Freuen Sie sich auf <strong data-start=\"512\" data-end=\"558\">duftenden Kaffee, frisch gebackene Waffeln<\/strong> und <strong data-start=\"563\" data-end=\"585\">Leckeres vom Grill<\/strong> \u2013 perfekt f\u00fcr eine gem\u00fctliche Auszeit in weihnachtlicher Atmosph\u00e4re.<\/p>\n<p data-start=\"658\" data-end=\"703\"><strong data-start=\"662\" data-end=\"701\">Unsere \u00d6ffnungszeiten im \u00dcberblick:<\/strong><\/p>\n<ul data-start=\"704\" data-end=\"897\">\n<li data-start=\"704\" data-end=\"738\">\n<p data-start=\"706\" data-end=\"738\"><strong data-start=\"706\" data-end=\"720\">1. Advent:<\/strong> Sonntag, 30.11.<\/p>\n<\/li>\n<li data-start=\"704\" data-end=\"738\">\n<p data-start=\"706\" data-end=\"738\"><strong data-start=\"741\" data-end=\"755\">2. Advent:<\/strong> Samstag, 06.12. & Sonntag, 07.12.<\/p>\n<\/li>\n<li data-start=\"792\" data-end=\"844\">\n<p data-start=\"794\" data-end=\"844\"><strong data-start=\"794\" data-end=\"808\">3. Advent:<\/strong> Samstag, 13.12. & Sonntag, 14.12.<\/p>\n<\/li>\n<li data-start=\"845\" data-end=\"897\">\n<p data-start=\"847\" data-end=\"897\"><strong data-start=\"847\" data-end=\"861\">4. Advent:<\/strong> Samstag, 20.12. & Sonntag, 21.12.<\/p>\n<\/li>\n<\/ul>\n<p data-start=\"899\" data-end=\"1111\">Unter der Woche steht Ihnen unser Verkaufsteam t\u00e4glich f\u00fcr den <strong data-start=\"962\" data-end=\"987\">Weihnachtsbaumverkauf<\/strong> zur Verf\u00fcgung:<\/p>\n<p data-start=\"899\" data-end=\"1111\"><strong data-start=\"1008\" data-end=\"1027\">\u00d6ffnungszeiten:<\/strong> Montag bis Freitag von <strong data-start=\"1051\" data-end=\"1074\">10:00 bis 16:30 Uhr<\/strong><br data-start=\"1074\" data-end=\"1077\" \/><strong data-start=\"1080\" data-end=\"1093\">Zeitraum:<\/strong> 30.11. \u2013 23.12.<\/p>\n<p data-start=\"1113\" data-end=\"1220\">Wir freuen uns auf Ihren Besuch, w\u00fcnschen Ihnen eine wundersch\u00f6ne Adventszeit \u2013 und bleiben Sie gesund!<\/p>\n<p data-start=\"1222\" data-end=\"1250\"><strong data-start=\"1224\" data-end=\"1246\">Ihre Familie Quast<\/strong><\/p>\n<\/div><\/div>[\/vc_column_inner][vc_column_inner width=\u201c1\/3\u2033]<div class=\"fh-icon-box clearfix  style-1\"><h4><a href=\"#\" title=\"\" target=\"_blank\">Der Bioweihnachtsbaum<\/a><\/h4><a class=\"fh-icon\"><i class=\"fa fa-tree\"><\/i><\/a><div class=\"desc\"><p>Unsere B\u00e4ume werden durch Shropshire \u2013 Schafe begrast und machen damit den Einsatz von D\u00fcngemittel und Unkrautvernichtern obsolet.<\/p>\n<p>Bei uns erhalten Sie:<\/p>\n<p>Nordmanntannen<\/p>\n<p>Nobilis<\/p>\n<p>Fichte<\/p>\n<p>Tannengr\u00fcn (perfekt zur Dekoration geeignet)<\/p>\n<\/div><\/div>[\/vc_column_inner][vc_column_inner width=\u201c1\/3\u2033]<div class=\"fh-icon-box clearfix  style-1\"><h4><a href=\"#\" title=\"\" target=\"_blank\">Krippenausstellung<\/a><\/h4><a class=\"fh-icon\"><i class=\"fa fa-certificate\"><\/i><\/a><div class=\"desc\"><p>Ab diesem Jahr wird Martin Butzkamm seine selbstgebauten Krippen bei uns ausstellen. Dieses Projekt bedurfte jahrelange Vorbereitung und d\u00fcrfte in seinem Umfang einzigartig im S\u00fcdsauerland sein.<\/p>\n<p>Weiterhin k\u00f6nnen sie die Ausstellung an jedem Wochenende (Samstag und Sonntag) besichtigen. F\u00fcr die Besichtigung mit einer gr\u00f6\u00dferen Gruppe treten Sie bitte in direkten Kontakt mit Herrn Martin Butzkamm.<\/p>\n<\/div><\/div>[\/vc_column_inner][\/vc_row_inner][vc_row_inner][vc_column_inner width=\u201c1\/3\u2033]<div class=\"fh-icon-box clearfix  style-1\"><h4><a href=\"#\" title=\"\" target=\"_blank\">Ehrlich und Nachhaltig<\/a><\/h4><a class=\"fh-icon\"><i class=\"fa fa-pagelines\"><\/i><\/a><div class=\"desc\"><p>Wir verwenden keine Pestizide und ausschlie\u00dflich nat\u00fcrlichen D\u00fcnger.<\/p>\n<\/div><\/div>[\/vc_column_inner][vc_column_inner width=\u201c1\/3\u2033]<div class=\"fh-icon-box clearfix  style-1\"><h4><a href=\"#\" title=\"\" target=\"_blank\">Bio-Zertifizierung seit 2013<\/a><\/h4><a class=\"fh-icon\"><i class=\"fa fa-leaf\"><\/i><\/a><div class=\"desc\"><p>Zertifiziert nach deutschem Bio \u2013 Standard D-NW-005-04860-A.<\/p>\n<\/div><\/div>[\/vc_column_inner][vc_column_inner width=\u201c1\/3\u2033]<div class=\"fh-icon-box clearfix  style-1\"><h4><a href=\"#\" title=\"\" target=\"_blank\">Global GAP Zertifiziert<\/a><\/h4><a class=\"fh-icon\"><i class=\"fa fa-user-secret\"><\/i><\/a><div class=\"desc\"><p>Unser Betrieb ist GlobalGAP zertifiziert.<\/p>\n<p>GlobalGAP steht f\u00fcr nachhaltige Produktion von Rohstoffen, die f\u00fcr uns seit jeher sehr wichtig ist.<\/p>\n<p>Ein verantwortungsvoller Umgang mit unserer Natur steht an erster Stelle!<\/p>\n<\/div><\/div>[\/vc_column_inner][\/vc_row_inner][\/vc_column][\/vc_row][vc_row css=\u201c.vc_custom_1497930936972{margin-top: 75px !important;margin-bottom: 50px !important;}\u201c][vc_column]<div class=\"fh-section-title clearfix  text-center style-1 version-dark\"><div class=\"container\"><h2>Der <span class=\"main-color\">Forstbetrieb Quast<\/span><\/h2><\/div><\/div>[\/vc_column][\/vc_row][vc_row css=\u201c.vc_custom_1497930738611{padding-bottom: 70px !important;}\u201c][vc_column][vc_row_inner][vc_column_inner width=\u201c1\/2\u2033][vc_single_image image=\u201c466\u2033 img_size=\u201c640\u00d7480\u2033][\/vc_column_inner][vc_column_inner width=\u201c1\/2\u2033][vc_single_image image=\u201c459\u2033 img_size=\u201c640\u00d7480\u2033][\/vc_column_inner][\/vc_row_inner][vc_column_text css=\u201c.vc_custom_1510171589727{margin-top: 30px !important;margin-bottom: 15px !important;}\u201c]<\/p>\n<div class=\"main-color\" style=\"font-size: 18px; font-weight: 500; line-height: 1.6; font-family: 'Poppins', sans-serif;\">Bio Weihnachtsb\u00e4ume seit Generationen im eigenen Hofverkauf. Zertifiziert nach Bio-Siegel <em>D-NW-005-04860-A.<\/em><\/div>\n<p>[\/vc_column_text][vc_column_text]Der Forstbetrieb Quast ist ein landwirtschaftlicher Betrieb, der sich seit Generationen in famili\u00e4rer Atmosph\u00e4re der Land- und Forstwirtschaft verschrieben hat. Bei uns k\u00f6nnen Sie in gem\u00fctlicher Atmosph\u00e4re ihre Feiern ausrichten oder uns in der Adventszeit besuchen, um ihren perfekten Bioweihnachtsbaum zu erwerben.[\/vc_column_text][\/vc_column][\/vc_row]<\/p>\n<\/div>","protected":false},"excerpt":{"rendered":"<p>[vc_row full_width=\u201cstretch_row_content_no_spaces\u201c][vc_column][rev_slider_vc alias=\u201cslider_1\u2033][\/vc_column][\/vc_row][vc_row css=\u201c.vc_custom_1495533014348{padding-top: 65px !important;padding-bottom: 25px !important;}\u201c][vc_column][vc_column_text css=\u201c.vc_custom_1609267131546{padding-top: 25px !important;padding-bottom: 45px !important;}\u201c]&hellip;<\/p>\n","protected":false},"author":1,"featured_media":0,"parent":0,"menu_order":0,"comment_status":"closed","ping_status":"closed","template":"template-homepage.php","meta":{"footnotes":""},"class_list":["post-53","page","type-page","status-publish","hentry","no-thumb"],"_links":{"self":[{"href":"https:\/\/www.scheiderwald.de\/index.php?rest_route=\/wp\/v2\/pages\/53","targetHints":{"allow":["GET"]}}],"collection":[{"href":"https:\/\/www.scheiderwald.de\/index.php?rest_route=\/wp\/v2\/pages"}],"about":[{"href":"https:\/\/www.scheiderwald.de\/index.php?rest_route=\/wp\/v2\/types\/page"}],"author":[{"embeddable":true,"href":"https:\/\/www.scheiderwald.de\/index.php?rest_route=\/wp\/v2\/users\/1"}],"replies":[{"embeddable":true,"href":"https:\/\/www.scheiderwald.de\/index.php?rest_route=%2Fwp%2Fv2%2Fcomments&post=53"}],"version-history":[{"count":50,"href":"https:\/\/www.scheiderwald.de\/index.php?rest_route=\/wp\/v2\/pages\/53\/revisions"}],"predecessor-version":[{"id":696,"href":"https:\/\/www.scheiderwald.de\/index.php?rest_route=\/wp\/v2\/pages\/53\/revisions\/696"}],"wp:attachment":[{"href":"https:\/\/www.scheiderwald.de\/index.php?rest_route=%2Fwp%2Fv2%2Fmedia&parent=53"}],"curies":[{"name":"wp","href":"https:\/\/api.w.org\/{rel}","templated":true}]}}